{"id":8049,"date":"2023-12-19T12:17:38","date_gmt":"2023-12-19T12:17:38","guid":{"rendered":"https:\/\/basetryp.tryplisboacaparica.com\/lisboa-caparica\/"},"modified":"2024-11-18T15:30:29","modified_gmt":"2024-11-18T15:30:29","slug":"braga","status":"publish","type":"page","link":"https:\/\/www.innsidebraga.com\/fr\/braga\/","title":{"rendered":"Braga"},"content":{"rendered":"\t\t<div data-elementor-type=\"wp-page\" data-elementor-id=\"8049\" class=\"elementor elementor-8049 elementor-1997\" data-elementor-post-type=\"page\">\n\t\t\t\t<section class=\"elementor-element elementor-element-9d18320 e-con-full e-flex e-con e-parent\" data-id=\"9d18320\" data-element_type=\"container\" data-settings=\"{&quot;background_background&quot;:&quot;classic&quot;}\">\n\t\t<div class=\"elementor-element elementor-element-edc3c07 e-con-full e-flex e-con e-child\" data-id=\"edc3c07\" data-element_type=\"container\">\n\t\t\t\t<div class=\"elementor-element elementor-element-14f695f elementor-widget elementor-widget-heading\" data-id=\"14f695f\" data-element_type=\"widget\" data-widget_type=\"heading.default\">\n\t\t\t\t<div class=\"elementor-widget-container\">\n\t\t\t\t\t<h1 class=\"elementor-heading-title elementor-size-default\">Braga<\/h1>\t\t\t\t<\/div>\n\t\t\t\t<\/div>\n\t\t\t\t<\/div>\n\t\t\t\t<\/section>\n\t\t<section class=\"elementor-element elementor-element-8e7a29a e-con-full e-flex e-con e-parent\" data-id=\"8e7a29a\" data-element_type=\"container\">\n\t\t\t\t<div class=\"elementor-element elementor-element-5428f0b elementor-widget elementor-widget-text-editor\" data-id=\"5428f0b\" data-element_type=\"widget\" data-widget_type=\"text-editor.default\">\n\t\t\t\t<div class=\"elementor-widget-container\">\n\t\t\t\t\t\t\t\t\t<p>Braga est une ville du nord du Portugal qui se distingue par la fusion enchanteresse d&#8217;une histoire riche, d&#8217;une architecture \u00e9tonnante et d&#8217;une atmosph\u00e8re culturelle vibrante. Son patrimoine remonte \u00e0 l&#8217;\u00e9poque romaine et r\u00e9sonne \u00e0 travers d&#8217;imposants monuments, des ruines historiques et de majestueux \u00e9difices religieux qui racontent l&#8217;histoire unique de la ville.<\/p><p>Au c\u0153ur de Braga, la S\u00e9 de Braga, une imposante cath\u00e9drale m\u00e9di\u00e9vale, et le sanctuaire Bom Jesus do Monte, avec ses escaliers baroques embl\u00e9matiques, sont des t\u00e9moignages impressionnants du pass\u00e9 glorieux de la ville. Le centre historique, avec ses rues \u00e9troites et ses charmantes places, vous invite \u00e0 d\u00e9couvrir des b\u00e2timents pr\u00e9serv\u00e9s qui racontent des si\u00e8cles d&#8217;\u00e9volution et de culture.<\/p><p>L&#8217;\u00e9nergie palpitante de Braga est aliment\u00e9e par la pr\u00e9sence de l&#8217;universit\u00e9 du Minho, l&#8217;une des plus anciennes du pays, qui conf\u00e8re \u00e0 la ville une atmosph\u00e8re jeune et dynamique. Tout au long de l&#8217;ann\u00e9e, Braga s&#8217;anime avec une vari\u00e9t\u00e9 d&#8217;\u00e9v\u00e9nements culturels, de festivals et d&#8217;activit\u00e9s.<\/p><p>D\u00e9couvrez cette ville historique, o\u00f9 le pass\u00e9 rencontre le pr\u00e9sent et o\u00f9 la tradition se m\u00eale \u00e0 l&#8217;\u00e9nergie vibrante.<\/p>\t\t\t\t\t\t\t\t<\/div>\n\t\t\t\t<\/div>\n\t\t\t\t<\/section>\n\t\t<div class=\"elementor-element elementor-element-484e8bf e-con-full e-flex e-con e-parent\" data-id=\"484e8bf\" data-element_type=\"container\">\n\t\t\t\t<div class=\"elementor-element elementor-element-5b88a1e elementor-widget elementor-widget-heading\" data-id=\"5b88a1e\" data-element_type=\"widget\" data-widget_type=\"heading.default\">\n\t\t\t\t<div class=\"elementor-widget-container\">\n\t\t\t\t\t<h5 class=\"elementor-heading-title elementor-size-default\">Galerie d'images<\/h5>\t\t\t\t<\/div>\n\t\t\t\t<\/div>\n\t\t\t\t<div class=\"elementor-element elementor-element-33fcce4 elementor-skin-carousel elementor-arrows-yes elementor-pagination-type-bullets elementor-pagination-position-outside elementor-widget elementor-widget-hoti-gallery-slider\" data-id=\"33fcce4\" data-element_type=\"widget\" data-settings=\"{&quot;slides_per_view&quot;:&quot;3&quot;,&quot;skin&quot;:&quot;carousel&quot;,&quot;effect&quot;:&quot;slide&quot;,&quot;show_arrows&quot;:&quot;yes&quot;,&quot;pagination&quot;:&quot;bullets&quot;,&quot;speed&quot;:500,&quot;autoplay&quot;:&quot;yes&quot;,&quot;autoplay_speed&quot;:5000,&quot;pause_on_hover&quot;:&quot;yes&quot;,&quot;pause_on_interaction&quot;:&quot;yes&quot;,&quot;space_between&quot;:{&quot;unit&quot;:&quot;px&quot;,&quot;size&quot;:10,&quot;sizes&quot;:[]},&quot;space_between_tablet_extra&quot;:{&quot;unit&quot;:&quot;px&quot;,&quot;size&quot;:10,&quot;sizes&quot;:[]},&quot;space_between_tablet&quot;:{&quot;unit&quot;:&quot;px&quot;,&quot;size&quot;:10,&quot;sizes&quot;:[]},&quot;space_between_mobile_extra&quot;:{&quot;unit&quot;:&quot;px&quot;,&quot;size&quot;:10,&quot;sizes&quot;:[]},&quot;space_between_mobile&quot;:{&quot;unit&quot;:&quot;px&quot;,&quot;size&quot;:10,&quot;sizes&quot;:[]}}\" data-widget_type=\"hoti-gallery-slider.default\">\n\t\t\t\t<div class=\"elementor-widget-container\">\n\t\t\t\t\t\t\t\t\t<div class=\"elementor-swiper\">\n\t\t\t\t\t<div class=\"elementor-main-swiper swiper\" role=\"region\" aria-roledescription=\"carousel\" aria-label=\"Diapositives\">\n\t\t\t\t<div class=\"swiper-wrapper\">\n\t\t\t\t\t\t\t\t\t\t\t<div class=\"swiper-slide\" role=\"group\" aria-roledescription=\"slide\">\n\t\t\t\t\t\t\t\t\t<div class=\"elementor-carousel-image landscape\" role=\"img\" aria-label=\"Melia_Braga_Galeria_1\" style=\"background-image: url(&#039;https:\/\/www.innsidebraga.com\/wp-content\/uploads\/sites\/18\/2024\/04\/Melia_Braga_Galeria_1.jpg&#039;)\">\r\n\r\n\t\t\t\r\n\t\t\t\t\t<\/div>\r\n\t\t\t\t\t\t\t\t<\/div>\n\t\t\t\t\t\t\t\t\t\t\t<div class=\"swiper-slide\" role=\"group\" aria-roledescription=\"slide\">\n\t\t\t\t\t\t\t\t\t<div class=\"elementor-carousel-image portrait\" role=\"img\" aria-label=\"Melia_Braga_Galeria_7\" style=\"background-image: url(&#039;https:\/\/www.innsidebraga.com\/wp-content\/uploads\/sites\/18\/2024\/04\/Melia_Braga_Galeria_7.jpg&#039;)\">\r\n\r\n\t\t\t\r\n\t\t\t\t\t<\/div>\r\n\t\t\t\t\t\t\t\t<\/div>\n\t\t\t\t\t\t\t\t\t\t\t<div class=\"swiper-slide\" role=\"group\" aria-roledescription=\"slide\">\n\t\t\t\t\t\t\t\t\t<div class=\"elementor-carousel-image landscape\" role=\"img\" aria-label=\"Melia_Braga_Galeria_6\" style=\"background-image: url(&#039;https:\/\/www.innsidebraga.com\/wp-content\/uploads\/sites\/18\/2024\/04\/Melia_Braga_Galeria_6.jpg&#039;)\">\r\n\r\n\t\t\t\r\n\t\t\t\t\t<\/div>\r\n\t\t\t\t\t\t\t\t<\/div>\n\t\t\t\t\t\t\t\t\t\t\t<div class=\"swiper-slide\" role=\"group\" aria-roledescription=\"slide\">\n\t\t\t\t\t\t\t\t\t<div class=\"elementor-carousel-image landscape\" role=\"img\" aria-label=\"Melia_Braga_Galeria_5\" style=\"background-image: url(&#039;https:\/\/www.innsidebraga.com\/wp-content\/uploads\/sites\/18\/2024\/04\/Melia_Braga_Galeria_5.jpg&#039;)\">\r\n\r\n\t\t\t\r\n\t\t\t\t\t<\/div>\r\n\t\t\t\t\t\t\t\t<\/div>\n\t\t\t\t\t\t\t\t\t\t\t<div class=\"swiper-slide\" role=\"group\" aria-roledescription=\"slide\">\n\t\t\t\t\t\t\t\t\t<div class=\"elementor-carousel-image portrait\" role=\"img\" aria-label=\"Melia_Braga_Galeria_4\" style=\"background-image: url(&#039;https:\/\/www.innsidebraga.com\/wp-content\/uploads\/sites\/18\/2024\/04\/Melia_Braga_Galeria_4.jpg&#039;)\">\r\n\r\n\t\t\t\r\n\t\t\t\t\t<\/div>\r\n\t\t\t\t\t\t\t\t<\/div>\n\t\t\t\t\t\t\t\t\t\t\t<div class=\"swiper-slide\" role=\"group\" aria-roledescription=\"slide\">\n\t\t\t\t\t\t\t\t\t<div class=\"elementor-carousel-image landscape\" role=\"img\" aria-label=\"Melia_Braga_Galeria_3\" style=\"background-image: url(&#039;https:\/\/www.innsidebraga.com\/wp-content\/uploads\/sites\/18\/2024\/04\/Melia_Braga_Galeria_3.jpg&#039;)\">\r\n\r\n\t\t\t\r\n\t\t\t\t\t<\/div>\r\n\t\t\t\t\t\t\t\t<\/div>\n\t\t\t\t\t\t\t\t\t\t\t<div class=\"swiper-slide\" role=\"group\" aria-roledescription=\"slide\">\n\t\t\t\t\t\t\t\t\t<div class=\"elementor-carousel-image landscape\" role=\"img\" aria-label=\"Melia_Braga_Galeria_2\" style=\"background-image: url(&#039;https:\/\/www.innsidebraga.com\/wp-content\/uploads\/sites\/18\/2024\/04\/Melia_Braga_Galeria_2.jpg&#039;)\">\r\n\r\n\t\t\t\r\n\t\t\t\t\t<\/div>\r\n\t\t\t\t\t\t\t\t<\/div>\n\t\t\t\t\t\t\t\t\t\t\t<div class=\"swiper-slide\" role=\"group\" aria-roledescription=\"slide\">\n\t\t\t\t\t\t\t\t\t<div class=\"elementor-carousel-image landscape\" role=\"img\" aria-label=\"Melia_Braga_Galeria_8\" style=\"background-image: url(&#039;https:\/\/www.innsidebraga.com\/wp-content\/uploads\/sites\/18\/2024\/04\/Melia_Braga_Galeria_8.jpg&#039;)\">\r\n\r\n\t\t\t\r\n\t\t\t\t\t<\/div>\r\n\t\t\t\t\t\t\t\t<\/div>\n\t\t\t\t\t\t\t\t\t\t\t<div class=\"swiper-slide\" role=\"group\" aria-roledescription=\"slide\">\n\t\t\t\t\t\t\t\t\t<div class=\"elementor-carousel-image landscape\" role=\"img\" aria-label=\"Melia_Braga_Igrejas_e_santuarios\" style=\"background-image: url(&#039;https:\/\/www.innsidebraga.com\/wp-content\/uploads\/sites\/18\/2024\/04\/Melia_Braga_Igrejas_e_santuarios.jpg&#039;)\">\r\n\r\n\t\t\t\r\n\t\t\t\t\t<\/div>\r\n\t\t\t\t\t\t\t\t<\/div>\n\t\t\t\t\t\t\t\t\t<\/div>\n\t\t\t\t\t\t\t\t\t\t\t\t\t\t\t<div class=\"elementor-swiper-button elementor-swiper-button-prev\" role=\"button\" tabindex=\"0\" aria-label=\"Pr\u00e9c\u00e9dent\">\n\t\t\t\t\t\t\t<i aria-hidden=\"true\" class=\"eicon-chevron-left\"><\/i>\t\t\t\t\t\t<\/div>\n\t\t\t\t\t\t<div class=\"elementor-swiper-button elementor-swiper-button-next\" role=\"button\" tabindex=\"0\" aria-label=\"Suivant\">\n\t\t\t\t\t\t\t<i aria-hidden=\"true\" class=\"eicon-chevron-right\"><\/i>\t\t\t\t\t\t<\/div>\n\t\t\t\t\t\t\t\t\t\t\t\t\t\t\t\t<div class=\"swiper-pagination\"><\/div>\n\t\t\t\t\t\t\t\t\t\t\t\t<\/div>\n\t\t\t\t<\/div>\n\t\t\t\t\t\t\t\t<\/div>\n\t\t\t\t<\/div>\n\t\t\t\t<\/div>\n\t\t<section class=\"elementor-element elementor-element-5be6fa1 e-con-full e-flex e-con e-parent\" data-id=\"5be6fa1\" data-element_type=\"container\">\n\t\t<div class=\"elementor-element elementor-element-637ccd9 e-con-full e-flex e-con e-child\" data-id=\"637ccd9\" data-element_type=\"container\">\n\t\t<div class=\"elementor-element elementor-element-55df4ad e-con-full e-flex e-con e-child\" data-id=\"55df4ad\" data-element_type=\"container\">\n\t\t\t\t<div class=\"elementor-element elementor-element-650bc2a elementor-widget elementor-widget-heading\" data-id=\"650bc2a\" data-element_type=\"widget\" data-widget_type=\"heading.default\">\n\t\t\t\t<div class=\"elementor-widget-container\">\n\t\t\t\t\t<h2 class=\"elementor-heading-title elementor-size-default\">Explorer la<\/h2>\t\t\t\t<\/div>\n\t\t\t\t<\/div>\n\t\t\t\t<div class=\"elementor-element elementor-element-1062144 elementor-widget elementor-widget-heading\" data-id=\"1062144\" data-element_type=\"widget\" data-widget_type=\"heading.default\">\n\t\t\t\t<div class=\"elementor-widget-container\">\n\t\t\t\t\t<h2 class=\"elementor-heading-title elementor-size-default\">ville de Braga<\/h2>\t\t\t\t<\/div>\n\t\t\t\t<\/div>\n\t\t\t\t<div class=\"elementor-element elementor-element-da84be1 elementor-widget__width-initial elementor-widget elementor-widget-text-editor\" data-id=\"da84be1\" data-element_type=\"widget\" data-widget_type=\"text-editor.default\">\n\t\t\t\t<div class=\"elementor-widget-container\">\n\t\t\t\t\t\t\t\t\t<ul><li>Promenade dans une ville \u00e0 l&#8217;histoire mill\u00e9naire, riche en monuments, quartiers caract\u00e9ristiques et places charmantes, o\u00f9 la ville s&#8217;anime et t\u00e9moigne d&#8217;une culture jeune et \u00e9clectique.<\/li><li>Visitez les monuments historiques de la ville.<\/li><li>Profitez de ses parcs, jardins et points de vue, ou d\u00e9tendez-vous dans les caf\u00e9s et terrasses qui offrent des moments de calme.<\/li><li>Participez aux \u00e9v\u00e9nements culturels et aux festivals qui ont lieu \u00e0 Braga tout au long de l&#8217;ann\u00e9e et qui ajoutent beaucoup de vie et de plaisir \u00e0 la ville.<\/li><li>Pour les amateurs de sport, Braga dispose de plusieurs terrains de golf et se trouve \u00e0 proximit\u00e9 de la mer, ce qui permet de pratiquer des activit\u00e9s de plein air et de vivre des exp\u00e9riences maritimes.<\/li><li>Outre sa riche histoire, la ville ravit \u00e9galement les palais avec sa gastronomie. Braga est un d\u00e9lice pour les amateurs de cuisine portugaise, offrant une vari\u00e9t\u00e9 de plats traditionnels et de sp\u00e9cialit\u00e9s r\u00e9gionales qui capturent les saveurs authentiques de la r\u00e9gion.<\/li><\/ul>\t\t\t\t\t\t\t\t<\/div>\n\t\t\t\t<\/div>\n\t\t\t\t<\/div>\n\t\t\t\t<\/div>\n\t\t<div class=\"elementor-element elementor-element-65d27bb e-con-full e-flex e-con e-child\" data-id=\"65d27bb\" data-element_type=\"container\" data-settings=\"{&quot;background_background&quot;:&quot;classic&quot;}\">\n\t\t\t\t<div class=\"elementor-element elementor-element-bcfdf42 elementor-widget elementor-widget-spacer\" data-id=\"bcfdf42\" data-element_type=\"widget\" data-widget_type=\"spacer.default\">\n\t\t\t\t<div class=\"elementor-widget-container\">\n\t\t\t\t\t\t\t<div class=\"elementor-spacer\">\n\t\t\t<div class=\"elementor-spacer-inner\"><\/div>\n\t\t<\/div>\n\t\t\t\t\t\t<\/div>\n\t\t\t\t<\/div>\n\t\t\t\t<\/div>\n\t\t\t\t<\/section>\n\t\t<section class=\"elementor-element elementor-element-540cb73 e-con-full e-flex e-con e-parent\" data-id=\"540cb73\" data-element_type=\"container\">\n\t\t<div class=\"elementor-element elementor-element-e3e1f7c e-con-full e-flex e-con e-child\" data-id=\"e3e1f7c\" data-element_type=\"container\" data-settings=\"{&quot;background_background&quot;:&quot;classic&quot;}\">\n\t\t\t\t<div class=\"elementor-element elementor-element-917d9c4 elementor-widget elementor-widget-spacer\" data-id=\"917d9c4\" data-element_type=\"widget\" data-widget_type=\"spacer.default\">\n\t\t\t\t<div class=\"elementor-widget-container\">\n\t\t\t\t\t\t\t<div class=\"elementor-spacer\">\n\t\t\t<div class=\"elementor-spacer-inner\"><\/div>\n\t\t<\/div>\n\t\t\t\t\t\t<\/div>\n\t\t\t\t<\/div>\n\t\t\t\t<\/div>\n\t\t<div class=\"elementor-element elementor-element-75fb5c0 e-con-full e-flex e-con e-child\" data-id=\"75fb5c0\" data-element_type=\"container\">\n\t\t<div class=\"elementor-element elementor-element-5fdd577 e-con-full e-flex e-con e-child\" data-id=\"5fdd577\" data-element_type=\"container\">\n\t\t\t\t<div class=\"elementor-element elementor-element-3395003 elementor-widget elementor-widget-heading\" data-id=\"3395003\" data-element_type=\"widget\" data-widget_type=\"heading.default\">\n\t\t\t\t<div class=\"elementor-widget-container\">\n\t\t\t\t\t<h2 class=\"elementor-heading-title elementor-size-default\">Sentir la ville<\/h2>\t\t\t\t<\/div>\n\t\t\t\t<\/div>\n\t\t\t\t<div class=\"elementor-element elementor-element-eb30610 elementor-widget elementor-widget-heading\" data-id=\"eb30610\" data-element_type=\"widget\" data-widget_type=\"heading.default\">\n\t\t\t\t<div class=\"elementor-widget-container\">\n\t\t\t\t\t<h2 class=\"elementor-heading-title elementor-size-default\"> de Braga<\/h2>\t\t\t\t<\/div>\n\t\t\t\t<\/div>\n\t\t\t\t<div class=\"elementor-element elementor-element-ca4faff elementor-widget elementor-widget-text-editor\" data-id=\"ca4faff\" data-element_type=\"widget\" data-widget_type=\"text-editor.default\">\n\t\t\t\t<div class=\"elementor-widget-container\">\n\t\t\t\t\t\t\t\t\tSitu\u00e9e au c\u0153ur de la r\u00e9gion du Minho, Braga est une ville ancr\u00e9e dans l&#8217;histoire, la culture et la tradition. Avec plus de deux mille ans d&#8217;existence, c&#8217;est l&#8217;une des plus anciennes villes du Portugal, offrant aux visiteurs un fascinant voyage dans le pass\u00e9. Elle est reconnue pour ses impressionnants monuments religieux, tels que la majestueuse cath\u00e9drale de Braga et le sanctuaire de Bom Jesus do Monte. En outre, Braga est une ville moderne et dynamique, avec une vie nocturne anim\u00e9e, des quartiers pittoresques et une d\u00e9licieuse gastronomie, avec des plats traditionnels tels que le c\u00e9l\u00e8bre &#8220;Bacalhau \u00e0 Braga&#8221;. Gr\u00e2ce \u00e0 sa situation privil\u00e9gi\u00e9e entre les montagnes et la mer, Braga offre \u00e9galement des possibilit\u00e9s d&#8217;activit\u00e9s de plein air telles que la randonn\u00e9e, le cyclisme et le golf. Qu&#8217;il s&#8217;agisse d&#8217;explorer son histoire, de profiter de sa vie culturelle ou simplement de se d\u00e9tendre au contact de la nature, Braga s\u00e9duit tous ceux qui la visitent par sa beaut\u00e9 et son authenticit\u00e9.\t\t\t\t\t\t\t\t<\/div>\n\t\t\t\t<\/div>\n\t\t\t\t<\/div>\n\t\t\t\t<\/div>\n\t\t\t\t<\/section>\n\t\t<div class=\"elementor-element elementor-element-6d9b414 e-con-full e-flex e-con e-parent\" data-id=\"6d9b414\" data-element_type=\"container\">\n\t\t\t\t<div class=\"elementor-element elementor-element-cbaed58 elementor-widget elementor-widget-heading\" data-id=\"cbaed58\" data-element_type=\"widget\" data-widget_type=\"heading.default\">\n\t\t\t\t<div class=\"elementor-widget-container\">\n\t\t\t\t\t<h5 class=\"elementor-heading-title elementor-size-default\">Que voir et faire\n<\/h5>\t\t\t\t<\/div>\n\t\t\t\t<\/div>\n\t\t<div class=\"elementor-element elementor-element-834073d e-con-full e-flex e-con e-child\" data-id=\"834073d\" data-element_type=\"container\">\n\t\t\t\t<div class=\"elementor-element elementor-element-caca8eb elementor-widget elementor-widget-n-carousel\" data-id=\"caca8eb\" data-element_type=\"widget\" data-settings=\"{&quot;carousel_items&quot;:[{&quot;slide_title&quot;:&quot;Slide #1&quot;,&quot;_id&quot;:&quot;bc1ad8d&quot;},{&quot;slide_title&quot;:&quot;Slide #2&quot;,&quot;_id&quot;:&quot;817f723&quot;},{&quot;slide_title&quot;:&quot;Slide #3&quot;,&quot;_id&quot;:&quot;f0475f9&quot;},{&quot;_id&quot;:&quot;ca82639&quot;,&quot;slide_title&quot;:&quot;Slide #4&quot;},{&quot;slide_title&quot;:&quot;Slide #5&quot;,&quot;_id&quot;:&quot;3e13ca0&quot;}],&quot;slides_to_show&quot;:&quot;4&quot;,&quot;image_spacing_custom&quot;:{&quot;unit&quot;:&quot;px&quot;,&quot;size&quot;:30,&quot;sizes&quot;:[]},&quot;slides_to_show_mobile_extra&quot;:&quot;1&quot;,&quot;slides_to_scroll_mobile_extra&quot;:&quot;1&quot;,&quot;slides_to_show_tablet&quot;:&quot;2&quot;,&quot;slides_to_show_mobile&quot;:&quot;1&quot;,&quot;autoplay&quot;:&quot;yes&quot;,&quot;autoplay_speed&quot;:5000,&quot;pause_on_hover&quot;:&quot;yes&quot;,&quot;pause_on_interaction&quot;:&quot;yes&quot;,&quot;speed&quot;:500,&quot;image_spacing_custom_tablet_extra&quot;:{&quot;unit&quot;:&quot;px&quot;,&quot;size&quot;:&quot;&quot;,&quot;sizes&quot;:[]},&quot;image_spacing_custom_tablet&quot;:{&quot;unit&quot;:&quot;px&quot;,&quot;size&quot;:&quot;&quot;,&quot;sizes&quot;:[]},&quot;image_spacing_custom_mobile_extra&quot;:{&quot;unit&quot;:&quot;px&quot;,&quot;size&quot;:&quot;&quot;,&quot;sizes&quot;:[]},&quot;image_spacing_custom_mobile&quot;:{&quot;unit&quot;:&quot;px&quot;,&quot;size&quot;:&quot;&quot;,&quot;sizes&quot;:[]}}\" data-widget_type=\"nested-carousel.default\">\n\t\t\t\t<div class=\"elementor-widget-container\">\n\t\t\t\t\t\t\t<div class=\"e-n-carousel swiper\" role=\"region\" aria-roledescription=\"carousel\" aria-label=\"Carousel\" dir=\"ltr\">\n\t\t\t<div class=\"swiper-wrapper\" aria-live=\"off\">\n\t\t\t\t\t\t\t\t\t\t<div class=\"swiper-slide\" data-slide=\"1\" role=\"group\" aria-roledescription=\"slide\" aria-label=\"1 sur 5\">\n\t\t\t\t\t\t\t<div class=\"elementor-element elementor-element-c679431 e-flex e-con-boxed e-con e-child\" data-id=\"c679431\" data-element_type=\"container\">\n\t\t\t\t\t<div class=\"e-con-inner\">\n\t\t<div class=\"elementor-element elementor-element-226d205 e-con-full e-flex e-con e-child\" data-id=\"226d205\" data-element_type=\"container\">\n\t\t\t\t<div class=\"elementor-element elementor-element-d7f9d46 elementor-widget__width-initial elementor-position-top elementor-widget elementor-widget-image-box\" data-id=\"d7f9d46\" data-element_type=\"widget\" data-widget_type=\"image-box.default\">\n\t\t\t\t<div class=\"elementor-widget-container\">\n\t\t\t\t\t<div class=\"elementor-image-box-wrapper\"><figure class=\"elementor-image-box-img\"><img decoding=\"async\" src=\"https:\/\/www.innsidebraga.com\/wp-content\/uploads\/sites\/18\/elementor\/thumbs\/Melia_Braga_Igrejas_e_santuarios-1-qtzxqtopc2ooizi6mrkkmfx7tcoej33xweltf4jyvc.jpg\" title=\"Melia_Braga_Igrejas_e_santuarios-1\" alt=\"Melia_Braga_Igrejas_e_santuarios-1\" loading=\"lazy\" \/><\/figure><div class=\"elementor-image-box-content\"><h3 class=\"elementor-image-box-title\">\u00c9glises et sanctuaires<\/h3><p class=\"elementor-image-box-description\">Braga abrite plusieurs \u00e9glises et sanctuaires qui t\u00e9moignent de sa longue histoire. Ne manquez pas de visiter la S\u00e9 de Braga, la plus ancienne cath\u00e9drale du Portugal, le sanctuaire de Bom Jesus do Monte, avec ses escaliers baroques, et la basilique de Santa Maria da Assun\u00e7\u00e3o, avec son impressionnante fa\u00e7ade, qui est un autre site religieux important. <\/p><\/div><\/div>\t\t\t\t<\/div>\n\t\t\t\t<\/div>\n\t\t\t\t<\/div>\n\t\t\t\t\t<\/div>\n\t\t\t\t<\/div>\n\t\t\t\t\t\t\t\t<\/div>\n\t\t\t\t\t\t\t\t\t\t\t<div class=\"swiper-slide\" data-slide=\"2\" role=\"group\" aria-roledescription=\"slide\" aria-label=\"2 sur 5\">\n\t\t\t\t\t\t\t<div class=\"elementor-element elementor-element-33eb6b8 e-flex e-con-boxed e-con e-child\" data-id=\"33eb6b8\" data-element_type=\"container\">\n\t\t\t\t\t<div class=\"e-con-inner\">\n\t\t\t\t<div class=\"elementor-element elementor-element-4b95bb5 elementor-widget__width-initial elementor-position-top elementor-widget elementor-widget-image-box\" data-id=\"4b95bb5\" data-element_type=\"widget\" data-widget_type=\"image-box.default\">\n\t\t\t\t<div class=\"elementor-widget-container\">\n\t\t\t\t\t<div class=\"elementor-image-box-wrapper\"><figure class=\"elementor-image-box-img\"><img decoding=\"async\" src=\"https:\/\/www.innsidebraga.com\/wp-content\/uploads\/sites\/18\/elementor\/thumbs\/Melia_Braga_Museus_e_palacios-1-qtzxqtopc2ooizi6mrkkmfx7tcoej33xweltf4jyvc.jpg\" title=\"Melia_Braga_Museus_e_palacios-1\" alt=\"Melia_Braga_Museus_e_palacios\" loading=\"lazy\" \/><\/figure><div class=\"elementor-image-box-content\"><h3 class=\"elementor-image-box-title\">Mus\u00e9es et palais<\/h3><p class=\"elementor-image-box-description\">Braga d\u00e9voile son histoire \u00e0 travers de charmants mus\u00e9es et palais, tels que le Museu dos Biscainhos, install\u00e9 dans un palais du XVIIe si\u00e8cle, le Pal\u00e1cio do Raio, avec son architecture baroque au c\u0153ur de la ville et ses expositions historiques, tandis que le Museu D. Diogo de Sousa, d\u00e9di\u00e9 \u00e0 l'arch\u00e9ologie, pr\u00e9sente des vestiges de la Bracara Augusta romaine.<\/p><\/div><\/div>\t\t\t\t<\/div>\n\t\t\t\t<\/div>\n\t\t\t\t\t<\/div>\n\t\t\t\t<\/div>\n\t\t\t\t\t\t\t\t<\/div>\n\t\t\t\t\t\t\t\t\t\t\t<div class=\"swiper-slide\" data-slide=\"3\" role=\"group\" aria-roledescription=\"slide\" aria-label=\"3 sur 5\">\n\t\t\t\t\t\t\t<div class=\"elementor-element elementor-element-82b2f7f e-flex e-con-boxed e-con e-child\" data-id=\"82b2f7f\" data-element_type=\"container\">\n\t\t\t\t\t<div class=\"e-con-inner\">\n\t\t\t\t<div class=\"elementor-element elementor-element-52429d3 elementor-widget__width-initial elementor-position-top elementor-widget elementor-widget-image-box\" data-id=\"52429d3\" data-element_type=\"widget\" data-widget_type=\"image-box.default\">\n\t\t\t\t<div class=\"elementor-widget-container\">\n\t\t\t\t\t<div class=\"elementor-image-box-wrapper\"><figure class=\"elementor-image-box-img\"><img decoding=\"async\" src=\"https:\/\/www.innsidebraga.com\/wp-content\/uploads\/sites\/18\/elementor\/thumbs\/Innside_Braga_Eventos_Gastronomia-1-qtzxqumjiwpyulgth9z76xooeqjrqs7o8j9aweikp4.jpg\" title=\"Innside_Braga_Eventos_Gastronomia.jpg\" alt=\"Innside_Braga_Eventos_Gastronomia.jpg\" loading=\"lazy\" \/><\/figure><div class=\"elementor-image-box-content\"><h3 class=\"elementor-image-box-title\">Gastronomie<\/h3><p class=\"elementor-image-box-description\">La gastronomie de Braga captive les sens avec des plats robustes et savoureux tels que le \u00ab bacalhau \u00e0 Braga \u00bb et les succulents \u00ab roj\u00f5es \u00bb. La ville est \u00e9galement connue pour ses sucreries de couvent, notamment les all\u00e9chants \u00ab toucinho do c\u00e9u \u00bb et \u00ab braguinhas \u00bb, qui refl\u00e8tent la douceur de la tradition locale des couvents.<\/p><\/div><\/div>\t\t\t\t<\/div>\n\t\t\t\t<\/div>\n\t\t\t\t\t<\/div>\n\t\t\t\t<\/div>\n\t\t\t\t\t\t\t\t<\/div>\n\t\t\t\t\t\t\t\t\t\t\t<div class=\"swiper-slide\" data-slide=\"4\" role=\"group\" aria-roledescription=\"slide\" aria-label=\"4 sur 5\">\n\t\t\t\t\t\t\t<div class=\"elementor-element elementor-element-be67d4d e-flex e-con-boxed e-con e-child\" data-id=\"be67d4d\" data-element_type=\"container\">\n\t\t\t\t\t<div class=\"e-con-inner\">\n\t\t\t\t<div class=\"elementor-element elementor-element-a7b1f26 elementor-widget__width-initial elementor-position-top elementor-widget elementor-widget-image-box\" data-id=\"a7b1f26\" data-element_type=\"widget\" data-widget_type=\"image-box.default\">\n\t\t\t\t<div class=\"elementor-widget-container\">\n\t\t\t\t\t<div class=\"elementor-image-box-wrapper\"><figure class=\"elementor-image-box-img\"><img decoding=\"async\" src=\"https:\/\/www.innsidebraga.com\/wp-content\/uploads\/sites\/18\/elementor\/thumbs\/Melia_Braga_Jardins_e_parques-1-qtzxqtopc2ooizi6mrkkmfx7tcoej33xweltf4jyvc.jpg\" title=\"Melia_Braga_Jardins_e_parques-1\" alt=\"Melia_Braga_Jardins_e_parques-1\" loading=\"lazy\" \/><\/figure><div class=\"elementor-image-box-content\"><h3 class=\"elementor-image-box-title\">Parcs et jardins<\/h3><p class=\"elementor-image-box-description\">Braga offre des moments de s\u00e9r\u00e9nit\u00e9 dans ses charmants parcs, comme le spacieux Parque da Ponte, id\u00e9al pour les promenades et les pique-niques. Le Jardim de Santa B\u00e1rbara, au c\u0153ur de la ville, est une oasis urbaine avec des parterres de fleurs, tandis que le Parque da Rodovia, avec son joli lac et ses all\u00e9es bord\u00e9es d'arbres, offre un cadre serein pour la contemplation, int\u00e9grant parfaitement la nature \u00e0 la vie urbaine.<\/p><\/div><\/div>\t\t\t\t<\/div>\n\t\t\t\t<\/div>\n\t\t\t\t\t<\/div>\n\t\t\t\t<\/div>\n\t\t\t\t\t\t\t\t<\/div>\n\t\t\t\t\t\t\t\t\t\t\t<div class=\"swiper-slide\" data-slide=\"5\" role=\"group\" aria-roledescription=\"slide\" aria-label=\"5 sur 5\">\n\t\t\t\t\t\t\t<div class=\"elementor-element elementor-element-5703794 e-flex e-con-boxed e-con e-child\" data-id=\"5703794\" data-element_type=\"container\">\n\t\t\t\t\t<div class=\"e-con-inner\">\n\t\t\t\t<div class=\"elementor-element elementor-element-fb9f361 elementor-widget__width-initial elementor-position-top elementor-widget elementor-widget-image-box\" data-id=\"fb9f361\" data-element_type=\"widget\" data-widget_type=\"image-box.default\">\n\t\t\t\t<div class=\"elementor-widget-container\">\n\t\t\t\t\t<div class=\"elementor-image-box-wrapper\"><figure class=\"elementor-image-box-img\"><img decoding=\"async\" src=\"https:\/\/www.innsidebraga.com\/wp-content\/uploads\/sites\/18\/elementor\/thumbs\/Innside_Braga_Eventos_Desportivos-1-qtzxqumjiwpyulgth9z76xooeqjrqs7o8j9aweikp4.jpg\" title=\"Innside_Braga_Eventos_Desportivos.jpg\" alt=\"Innside_Braga_Eventos_Desportivos.jpg\" loading=\"lazy\" \/><\/figure><div class=\"elementor-image-box-content\"><h3 class=\"elementor-image-box-title\">\u00c9v\u00e9nements sportifs<\/h3><p class=\"elementor-image-box-description\">Braga accueille une grande vari\u00e9t\u00e9 d'\u00e9v\u00e9nements sportifs, le stade municipal se distinguant par l'intensit\u00e9 des matchs du Sporting Clube de Braga. Outre le football, la ville accueille toute une s\u00e9rie de comp\u00e9titions, de l'athl\u00e9tisme aux sports nautiques, qui refl\u00e8tent la ferveur sportive de Braga et cr\u00e9ent des moments m\u00e9morables pour les supporters et les visiteurs.<\/p><\/div><\/div>\t\t\t\t<\/div>\n\t\t\t\t<\/div>\n\t\t\t\t\t<\/div>\n\t\t\t\t<\/div>\n\t\t\t\t\t\t\t\t<\/div>\n\t\t\t\t\t\t\t\t<\/div>\n\t\t<\/div>\n\t\t\t\t\t\t<\/div>\n\t\t\t\t<\/div>\n\t\t\t\t<\/div>\n\t\t\t\t<\/div>\n\t\t<div class=\"elementor-element elementor-element-ef147e1 e-con-full e-flex e-con e-parent\" data-id=\"ef147e1\" data-element_type=\"container\">\n\t\t\t\t<div class=\"elementor-element elementor-element-77cc4b2 elementor-widget elementor-widget-heading\" data-id=\"77cc4b2\" data-element_type=\"widget\" data-widget_type=\"heading.default\">\n\t\t\t\t<div class=\"elementor-widget-container\">\n\t\t\t\t\t<h5 class=\"elementor-heading-title elementor-size-default\">Comment arriver \u00e0 l'h\u00f4tel<\/h5>\t\t\t\t<\/div>\n\t\t\t\t<\/div>\n\t\t\t\t<\/div>\n\t\t<section class=\"elementor-element elementor-element-6ecac3e e-con-full e-flex e-con e-parent\" data-id=\"6ecac3e\" data-element_type=\"container\">\n\t\t\t\t<div class=\"elementor-element elementor-element-a47de37 elementor-widget__width-initial elementor-view-default elementor-position-top elementor-mobile-position-top elementor-widget elementor-widget-icon-box\" data-id=\"a47de37\" data-element_type=\"widget\" data-widget_type=\"icon-box.default\">\n\t\t\t\t<div class=\"elementor-widget-container\">\n\t\t\t\t\t\t\t<div class=\"elementor-icon-box-wrapper\">\n\n\t\t\t\t\t\t<div class=\"elementor-icon-box-icon\">\n\t\t\t\t<span  class=\"elementor-icon\">\n\t\t\t\t<i aria-hidden=\"true\" class=\"fal fa-train\"><\/i>\t\t\t\t<\/span>\n\t\t\t<\/div>\n\t\t\t\n\t\t\t\t\t\t<div class=\"elementor-icon-box-content\">\n\n\t\t\t\t\t\t\t\t\t<h3 class=\"elementor-icon-box-title\">\n\t\t\t\t\t\t<span  >\n\t\t\t\t\t\t\tTrain\t\t\t\t\t\t<\/span>\n\t\t\t\t\t<\/h3>\n\t\t\t\t\n\t\t\t\t\t\t\t\t\t<p class=\"elementor-icon-box-description\">\n\t\t\t\t\t\tPour vous rendre \u00e0 l'h\u00f4tel en train, vous devez descendre \u00e0 la gare de Braga, d'o\u00f9 vous pourrez prendre un bus ou un taxi jusqu'\u00e0 l'h\u00f4tel. \nLes services ferroviaires qui vous conduiront \u00e0 cette gare sont les suivants :\n<br>- Alfa Pendular\n<br>- Intercidades\n<br>- Trains urbains de Porto\t\t\t\t\t<\/p>\n\t\t\t\t\n\t\t\t<\/div>\n\t\t\t\n\t\t<\/div>\n\t\t\t\t\t\t<\/div>\n\t\t\t\t<\/div>\n\t\t\t\t<div class=\"elementor-element elementor-element-262a63b elementor-widget__width-initial elementor-view-default elementor-position-top elementor-mobile-position-top elementor-widget elementor-widget-icon-box\" data-id=\"262a63b\" data-element_type=\"widget\" data-widget_type=\"icon-box.default\">\n\t\t\t\t<div class=\"elementor-widget-container\">\n\t\t\t\t\t\t\t<div class=\"elementor-icon-box-wrapper\">\n\n\t\t\t\t\t\t<div class=\"elementor-icon-box-icon\">\n\t\t\t\t<span  class=\"elementor-icon\">\n\t\t\t\t<i aria-hidden=\"true\" class=\"fal fa-cars\"><\/i>\t\t\t\t<\/span>\n\t\t\t<\/div>\n\t\t\t\n\t\t\t\t\t\t<div class=\"elementor-icon-box-content\">\n\n\t\t\t\t\t\t\t\t\t<h3 class=\"elementor-icon-box-title\">\n\t\t\t\t\t\t<span  >\n\t\t\t\t\t\t\tRent-a-car\t\t\t\t\t\t<\/span>\n\t\t\t\t\t<\/h3>\n\t\t\t\t\n\t\t\t\t\t\t\t\t\t<p class=\"elementor-icon-box-description\">\n\t\t\t\t\t\tDans la zone des arriv\u00e9es de l'a\u00e9roport, il est possible de louer une voiture aupr\u00e8s des soci\u00e9t\u00e9s de location de voitures. Une autre option consiste \u00e0 r\u00e9server \u00e0 l'avance.\t\t\t\t\t<\/p>\n\t\t\t\t\n\t\t\t<\/div>\n\t\t\t\n\t\t<\/div>\n\t\t\t\t\t\t<\/div>\n\t\t\t\t<\/div>\n\t\t\t\t<div class=\"elementor-element elementor-element-ba2ca3b elementor-widget__width-initial elementor-view-default elementor-position-top elementor-mobile-position-top elementor-widget elementor-widget-icon-box\" data-id=\"ba2ca3b\" data-element_type=\"widget\" data-widget_type=\"icon-box.default\">\n\t\t\t\t<div class=\"elementor-widget-container\">\n\t\t\t\t\t\t\t<div class=\"elementor-icon-box-wrapper\">\n\n\t\t\t\t\t\t<div class=\"elementor-icon-box-icon\">\n\t\t\t\t<span  class=\"elementor-icon\">\n\t\t\t\t<i aria-hidden=\"true\" class=\"fal fa-bus-alt\"><\/i>\t\t\t\t<\/span>\n\t\t\t<\/div>\n\t\t\t\n\t\t\t\t\t\t<div class=\"elementor-icon-box-content\">\n\n\t\t\t\t\t\t\t\t\t<h3 class=\"elementor-icon-box-title\">\n\t\t\t\t\t\t<span  >\n\t\t\t\t\t\t\tBus\t\t\t\t\t\t<\/span>\n\t\t\t\t\t<\/h3>\n\t\t\t\t\n\t\t\t\t\t\t\t\t\t<p class=\"elementor-icon-box-description\">\n\t\t\t\t\t\tDepuis l'a\u00e9roport Francisco S\u00e1 Carneiro :<br>\nGetBus Braga : A\u00e9roport Francisco S\u00e1 Carneiro (Porto) - Avenida Central (Braga) - 60 min - 9.00\u20ac\n<br>\nALSA Santiago de Compostela : A\u00e9roport Francisco S\u00e1 Carneiro (Porto) - Avenida Central (Braga) - 51 mins \n<br>\nFlixBus 1022 : A\u00e9roport Francisco S\u00e1 Carneiro (Porto) - Avenida Central (Braga) - 53 mins \n<br>\nFlixBus 1783 : A\u00e9roport Francisco S\u00e1 Carneiro (Porto) - Avenida Central (Braga) - 58 mins \n<br>\nDepuis la gare de Braga :\nL'option qui vous conduira directement \u00e0 l'h\u00f4tel sera le bus 87 et le trajet durera environ 15 minutes. \t\t\t\t\t<\/p>\n\t\t\t\t\n\t\t\t<\/div>\n\t\t\t\n\t\t<\/div>\n\t\t\t\t\t\t<\/div>\n\t\t\t\t<\/div>\n\t\t\t\t<div class=\"elementor-element elementor-element-4093eb6 elementor-widget__width-initial elementor-view-default elementor-position-top elementor-mobile-position-top elementor-widget elementor-widget-icon-box\" data-id=\"4093eb6\" data-element_type=\"widget\" data-widget_type=\"icon-box.default\">\n\t\t\t\t<div class=\"elementor-widget-container\">\n\t\t\t\t\t\t\t<div class=\"elementor-icon-box-wrapper\">\n\n\t\t\t\t\t\t<div class=\"elementor-icon-box-icon\">\n\t\t\t\t<span  class=\"elementor-icon\">\n\t\t\t\t<i aria-hidden=\"true\" class=\"fal fa-taxi\"><\/i>\t\t\t\t<\/span>\n\t\t\t<\/div>\n\t\t\t\n\t\t\t\t\t\t<div class=\"elementor-icon-box-content\">\n\n\t\t\t\t\t\t\t\t\t<h3 class=\"elementor-icon-box-title\">\n\t\t\t\t\t\t<span  >\n\t\t\t\t\t\t\tTaxi\t\t\t\t\t\t<\/span>\n\t\t\t\t\t<\/h3>\n\t\t\t\t\n\t\t\t\t\t\t\t\t\t<p class=\"elementor-icon-box-description\">\n\t\t\t\t\t\tLe prix moyen d'une course en taxi depuis l'a\u00e9roport est d'environ 60 euros. Le montant de la course est le m\u00eame et ne d\u00e9pend pas du nombre de passagers dans le v\u00e9hicule. Si les bagages d\u00e9passent 55x35x20cm, ils doivent \u00eatre transport\u00e9s dans le compartiment \u00e0 bagages ou sur le toit. Dans ce cas, un suppl\u00e9ment peut \u00eatre factur\u00e9.\t\t\t\t\t<\/p>\n\t\t\t\t\n\t\t\t<\/div>\n\t\t\t\n\t\t<\/div>\n\t\t\t\t\t\t<\/div>\n\t\t\t\t<\/div>\n\t\t\t\t<\/section>\n\t\t<section class=\"elementor-element elementor-element-71af052 e-con-full e-flex e-con e-parent\" data-id=\"71af052\" data-element_type=\"container\">\n\t\t<div class=\"elementor-element elementor-element-d613357 e-con-full e-flex e-con e-child\" data-id=\"d613357\" data-element_type=\"container\">\n\t\t<div class=\"elementor-element elementor-element-97f47e6 e-con-full e-flex e-con e-child\" data-id=\"97f47e6\" data-element_type=\"container\">\n\t\t<div class=\"elementor-element elementor-element-2a90fad e-con-full e-flex e-con e-child\" data-id=\"2a90fad\" data-element_type=\"container\">\n\t\t\t\t<div class=\"elementor-element elementor-element-a5afca3 elementor-widget elementor-widget-heading\" data-id=\"a5afca3\" data-element_type=\"widget\" data-widget_type=\"heading.default\">\n\t\t\t\t<div class=\"elementor-widget-container\">\n\t\t\t\t\t<h2 class=\"elementor-heading-title elementor-size-default\">\u00c9v\u00e8nements<\/h2>\t\t\t\t<\/div>\n\t\t\t\t<\/div>\n\t\t\t\t<div class=\"elementor-element elementor-element-217b1b5 elementor-widget elementor-widget-heading\" data-id=\"217b1b5\" data-element_type=\"widget\" data-widget_type=\"heading.default\">\n\t\t\t\t<div class=\"elementor-widget-container\">\n\t\t\t\t\t<h2 class=\"elementor-heading-title elementor-size-default\">\u00e0 Braga<\/h2>\t\t\t\t<\/div>\n\t\t\t\t<\/div>\n\t\t\t\t<\/div>\n\t\t\t\t<\/div>\n\t\t<div class=\"elementor-element elementor-element-7da17e2 e-con-full e-flex e-con e-child\" data-id=\"7da17e2\" data-element_type=\"container\">\n\t\t\t\t<div class=\"elementor-element elementor-element-3ad7540 elementor-widget elementor-widget-n-carousel\" data-id=\"3ad7540\" data-element_type=\"widget\" data-settings=\"{&quot;carousel_items&quot;:[{&quot;slide_title&quot;:&quot;Slide #1&quot;,&quot;_id&quot;:&quot;bc1ad8d&quot;},{&quot;slide_title&quot;:&quot;Slide #2&quot;,&quot;_id&quot;:&quot;817f723&quot;}],&quot;slides_to_show&quot;:&quot;3&quot;,&quot;image_spacing_custom&quot;:{&quot;unit&quot;:&quot;px&quot;,&quot;size&quot;:&quot;30&quot;,&quot;sizes&quot;:[]},&quot;slides_to_show_mobile_extra&quot;:&quot;1&quot;,&quot;slides_to_scroll_mobile_extra&quot;:&quot;1&quot;,&quot;slides_to_show_tablet&quot;:&quot;2&quot;,&quot;slides_to_show_mobile&quot;:&quot;1&quot;,&quot;autoplay&quot;:&quot;yes&quot;,&quot;autoplay_speed&quot;:5000,&quot;pause_on_hover&quot;:&quot;yes&quot;,&quot;pause_on_interaction&quot;:&quot;yes&quot;,&quot;speed&quot;:500,&quot;image_spacing_custom_tablet_extra&quot;:{&quot;unit&quot;:&quot;px&quot;,&quot;size&quot;:&quot;&quot;,&quot;sizes&quot;:[]},&quot;image_spacing_custom_tablet&quot;:{&quot;unit&quot;:&quot;px&quot;,&quot;size&quot;:&quot;&quot;,&quot;sizes&quot;:[]},&quot;image_spacing_custom_mobile_extra&quot;:{&quot;unit&quot;:&quot;px&quot;,&quot;size&quot;:&quot;&quot;,&quot;sizes&quot;:[]},&quot;image_spacing_custom_mobile&quot;:{&quot;unit&quot;:&quot;px&quot;,&quot;size&quot;:&quot;&quot;,&quot;sizes&quot;:[]}}\" data-widget_type=\"nested-carousel.default\">\n\t\t\t\t<div class=\"elementor-widget-container\">\n\t\t\t\t\t\t\t<div class=\"e-n-carousel swiper\" role=\"region\" aria-roledescription=\"carousel\" aria-label=\"Carousel\" dir=\"ltr\">\n\t\t\t<div class=\"swiper-wrapper\" aria-live=\"off\">\n\t\t\t\t\t\t\t\t\t\t<div class=\"swiper-slide\" data-slide=\"1\" role=\"group\" aria-roledescription=\"slide\" aria-label=\"1 sur 2\">\n\t\t\t\t\t\t\t<div class=\"elementor-element elementor-element-40632e3 e-flex e-con-boxed e-con e-child\" data-id=\"40632e3\" data-element_type=\"container\">\n\t\t\t\t\t<div class=\"e-con-inner\">\n\t\t<div class=\"elementor-element elementor-element-f5bd011 e-con-full e-flex e-con e-child\" data-id=\"f5bd011\" data-element_type=\"container\">\n\t\t\t\t<div class=\"elementor-element elementor-element-05e60f6 elementor-widget__width-initial elementor-position-top elementor-widget elementor-widget-image-box\" data-id=\"05e60f6\" data-element_type=\"widget\" data-widget_type=\"image-box.default\">\n\t\t\t\t<div class=\"elementor-widget-container\">\n\t\t\t\t\t<div class=\"elementor-image-box-wrapper\"><figure class=\"elementor-image-box-img\"><a href=\"https:\/\/www.festivalauthentica.com\/\" target=\"_blank\" tabindex=\"-1\"><img fetchpriority=\"high\" decoding=\"async\" width=\"407\" height=\"501\" src=\"https:\/\/www.innsidebraga.com\/wp-content\/uploads\/sites\/18\/2024\/05\/Melia_Braga_Festival_Authentica.jpg\" class=\"attachment-full size-full wp-image-18241\" alt=\"Melia_Braga_Festival_Authentica\" srcset=\"https:\/\/www.innsidebraga.com\/wp-content\/uploads\/sites\/18\/2024\/05\/Melia_Braga_Festival_Authentica.jpg 407w, https:\/\/www.innsidebraga.com\/wp-content\/uploads\/sites\/18\/2024\/05\/Melia_Braga_Festival_Authentica-244x300.jpg 244w\" sizes=\"(max-width: 407px) 100vw, 407px\" \/><\/a><\/figure><div class=\"elementor-image-box-content\"><h3 class=\"elementor-image-box-title\"><a href=\"https:\/\/www.festivalauthentica.com\/\" target=\"_blank\">Festival Authentica<\/a><\/h3><p class=\"elementor-image-box-description\">Le festival Authentica de Braga c\u00e9l\u00e8bre l'authenticit\u00e9 culturelle de la r\u00e9gion, en pr\u00e9sentant une vari\u00e9t\u00e9 d'\u00e9v\u00e9nements artistiques, gastronomiques et musicaux. Avec des spectacles vibrants et des expositions inspirantes, c'est une c\u00e9l\u00e9bration incontournable du patrimoine et de la cr\u00e9ativit\u00e9 de Braga.<\/p><\/div><\/div>\t\t\t\t<\/div>\n\t\t\t\t<\/div>\n\t\t\t\t<\/div>\n\t\t\t\t\t<\/div>\n\t\t\t\t<\/div>\n\t\t\t\t\t\t\t\t<\/div>\n\t\t\t\t\t\t\t\t\t\t\t<div class=\"swiper-slide\" data-slide=\"2\" role=\"group\" aria-roledescription=\"slide\" aria-label=\"2 sur 2\">\n\t\t\t\t\t\t\t<div class=\"elementor-element elementor-element-036c9fe e-flex e-con-boxed e-con e-child\" data-id=\"036c9fe\" data-element_type=\"container\">\n\t\t\t\t\t<div class=\"e-con-inner\">\n\t\t\t\t<div class=\"elementor-element elementor-element-fe52e3f elementor-widget__width-initial elementor-position-top elementor-widget elementor-widget-image-box\" data-id=\"fe52e3f\" data-element_type=\"widget\" data-widget_type=\"image-box.default\">\n\t\t\t\t<div class=\"elementor-widget-container\">\n\t\t\t\t\t<div class=\"elementor-image-box-wrapper\"><figure class=\"elementor-image-box-img\"><a href=\"https:\/\/www.festivalsemibreve.com\/\" tabindex=\"-1\"><img decoding=\"async\" width=\"407\" height=\"501\" src=\"https:\/\/www.innsidebraga.com\/wp-content\/uploads\/sites\/18\/2024\/05\/Melia_Braga_SemiBreve-1.jpg\" class=\"attachment-full size-full wp-image-18246\" alt=\"Melia_Braga_SemiBreve-1\" srcset=\"https:\/\/www.innsidebraga.com\/wp-content\/uploads\/sites\/18\/2024\/05\/Melia_Braga_SemiBreve-1.jpg 407w, https:\/\/www.innsidebraga.com\/wp-content\/uploads\/sites\/18\/2024\/05\/Melia_Braga_SemiBreve-1-244x300.jpg 244w\" sizes=\"(max-width: 407px) 100vw, 407px\" \/><\/a><\/figure><div class=\"elementor-image-box-content\"><h3 class=\"elementor-image-box-title\"><a href=\"https:\/\/www.festivalsemibreve.com\/\">Festival SemiBreve<\/a><\/h3><p class=\"elementor-image-box-description\"> Le festival Semibreve, qui se tient \u00e0 Braga, est un rassemblement annuel qui c\u00e9l\u00e8bre l'intersection entre l'art, la technologie et la musique \u00e9lectronique. Avec des artistes de renomm\u00e9e internationale et des installations multim\u00e9dias innovantes, Semibreve offre une exp\u00e9rience unique, explorant les limites du son et de l'expression visuelle.<\/p><\/div><\/div>\t\t\t\t<\/div>\n\t\t\t\t<\/div>\n\t\t\t\t\t<\/div>\n\t\t\t\t<\/div>\n\t\t\t\t\t\t\t\t<\/div>\n\t\t\t\t\t\t\t\t<\/div>\n\t\t<\/div>\n\t\t\t\t\t\t<\/div>\n\t\t\t\t<\/div>\n\t\t\t\t<\/div>\n\t\t\t\t<\/div>\n\t\t\t\t<\/section>\n\t\t\t\t<\/div>\n\t\t","protected":false},"excerpt":{"rendered":"<p>Braga Braga est une ville du nord du Portugal qui se distingue par la fusion enchanteresse d&#8217;une histoire riche, d&#8217;une architecture \u00e9tonnante et d&#8217;une atmosph\u00e8re culturelle vibrante. Son patrimoine remonte \u00e0 l&#8217;\u00e9poque romaine et r\u00e9sonne \u00e0 travers d&#8217;imposants monuments, des ruines historiques et de majestueux \u00e9difices religieux qui racontent l&#8217;histoire unique de la ville. Au [&hellip;]<\/p>\n","protected":false},"author":1,"featured_media":0,"parent":0,"menu_order":0,"comment_status":"closed","ping_status":"closed","template":"","meta":{"_acf_changed":false,"footnotes":""},"class_list":["post-8049","page","type-page","status-publish","hentry"],"acf":[],"yoast_head":"<!-- This site is optimized with the Yoast SEO plugin v24.5 - https:\/\/yoast.com\/wordpress\/plugins\/seo\/ -->\n<title>Braga - INNSiDE Braga<\/title>\n<meta name=\"description\" content=\"INNSiDE Braga Centro est un h\u00f4tel 4 \u00e9toiles au c\u0153ur de Braga, alliant innovation et confort pour des exp\u00e9riences uniques.\" \/>\n<meta name=\"robots\" content=\"index, follow, max-snippet:-1, max-image-preview:large, max-video-preview:-1\" \/>\n<link rel=\"canonical\" href=\"https:\/\/www.innsidebraga.com\/fr\/braga\/\" \/>\n<meta property=\"og:locale\" content=\"fr_FR\" \/>\n<meta property=\"og:type\" content=\"article\" \/>\n<meta property=\"og:title\" content=\"Braga - INNSiDE Braga\" \/>\n<meta property=\"og:description\" content=\"INNSiDE Braga Centro est un h\u00f4tel 4 \u00e9toiles au c\u0153ur de Braga, alliant innovation et confort pour des exp\u00e9riences uniques.\" \/>\n<meta property=\"og:url\" content=\"https:\/\/www.innsidebraga.com\/fr\/braga\/\" \/>\n<meta property=\"og:site_name\" content=\"INNSiDE Braga\" \/>\n<meta property=\"article:publisher\" content=\"https:\/\/www.facebook.com\/innsidebraga\" \/>\n<meta property=\"article:modified_time\" content=\"2024-11-18T15:30:29+00:00\" \/>\n<meta property=\"og:image\" content=\"https:\/\/www.innsidebraga.com\/wp-content\/uploads\/sites\/18\/2024\/04\/Melia_Braga_Igrejas_e_santuarios-1-150x150.jpg\" \/>\n<meta name=\"twitter:card\" content=\"summary_large_image\" \/>\n<meta name=\"twitter:label1\" content=\"Dur\u00e9e de lecture estim\u00e9e\" \/>\n\t<meta name=\"twitter:data1\" content=\"10 minutes\" \/>\n<script type=\"application\/ld+json\" class=\"yoast-schema-graph\">{\"@context\":\"https:\/\/schema.org\",\"@graph\":[{\"@type\":\"WebPage\",\"@id\":\"https:\/\/www.innsidebraga.com\/fr\/braga\/\",\"url\":\"https:\/\/www.innsidebraga.com\/fr\/braga\/\",\"name\":\"Braga - INNSiDE Braga\",\"isPartOf\":{\"@id\":\"https:\/\/www.innsidebraga.com\/fr\/#website\"},\"primaryImageOfPage\":{\"@id\":\"https:\/\/www.innsidebraga.com\/fr\/braga\/#primaryimage\"},\"image\":{\"@id\":\"https:\/\/www.innsidebraga.com\/fr\/braga\/#primaryimage\"},\"thumbnailUrl\":\"https:\/\/www.innsidebraga.com\/wp-content\/uploads\/sites\/18\/2024\/04\/Melia_Braga_Igrejas_e_santuarios-1-150x150.jpg\",\"datePublished\":\"2023-12-19T12:17:38+00:00\",\"dateModified\":\"2024-11-18T15:30:29+00:00\",\"description\":\"INNSiDE Braga Centro est un h\u00f4tel 4 \u00e9toiles au c\u0153ur de Braga, alliant innovation et confort pour des exp\u00e9riences uniques.\",\"breadcrumb\":{\"@id\":\"https:\/\/www.innsidebraga.com\/fr\/braga\/#breadcrumb\"},\"inLanguage\":\"fr-FR\",\"potentialAction\":[{\"@type\":\"ReadAction\",\"target\":[\"https:\/\/www.innsidebraga.com\/fr\/braga\/\"]}]},{\"@type\":\"ImageObject\",\"inLanguage\":\"fr-FR\",\"@id\":\"https:\/\/www.innsidebraga.com\/fr\/braga\/#primaryimage\",\"url\":\"https:\/\/www.innsidebraga.com\/wp-content\/uploads\/sites\/18\/2024\/04\/Melia_Braga_Igrejas_e_santuarios-1-150x150.jpg\",\"contentUrl\":\"https:\/\/www.innsidebraga.com\/wp-content\/uploads\/sites\/18\/2024\/04\/Melia_Braga_Igrejas_e_santuarios-1-150x150.jpg\"},{\"@type\":\"BreadcrumbList\",\"@id\":\"https:\/\/www.innsidebraga.com\/fr\/braga\/#breadcrumb\",\"itemListElement\":[{\"@type\":\"ListItem\",\"position\":1,\"name\":\"In\u00edcio\",\"item\":\"https:\/\/www.innsidebraga.com\/fr\/\"},{\"@type\":\"ListItem\",\"position\":2,\"name\":\"Braga\"}]},{\"@type\":\"WebSite\",\"@id\":\"https:\/\/www.innsidebraga.com\/fr\/#website\",\"url\":\"https:\/\/www.innsidebraga.com\/fr\/\",\"name\":\"Innside Braga\",\"description\":\"INNSiDE Braga Centro est le nouvel h\u00f4tel 4 \u00e9toiles situ\u00e9 dans le centre-ville de Braga. La combinaison parfaite entre innovation et confort pour des exp\u00e9riences inoubliables.\",\"publisher\":{\"@id\":\"https:\/\/www.innsidebraga.com\/fr\/#organization\"},\"alternateName\":\"Innside By Meli\u00e1 Braga Centro\",\"potentialAction\":[{\"@type\":\"SearchAction\",\"target\":{\"@type\":\"EntryPoint\",\"urlTemplate\":\"https:\/\/www.innsidebraga.com\/fr\/?s={search_term_string}\"},\"query-input\":{\"@type\":\"PropertyValueSpecification\",\"valueRequired\":true,\"valueName\":\"search_term_string\"}}],\"inLanguage\":\"fr-FR\"},{\"@type\":\"Organization\",\"@id\":\"https:\/\/www.innsidebraga.com\/fr\/#organization\",\"name\":\"Innside Braga Centro\",\"alternateName\":\"Innside Braga Centro\",\"url\":\"https:\/\/www.innsidebraga.com\/fr\/\",\"logo\":{\"@type\":\"ImageObject\",\"inLanguage\":\"fr-FR\",\"@id\":\"https:\/\/www.innsidebraga.com\/fr\/#\/schema\/logo\/image\/\",\"url\":\"https:\/\/www.innsidebraga.com\/wp-content\/uploads\/sites\/18\/2025\/12\/INNSIDE_Braga_Logo.png\",\"contentUrl\":\"https:\/\/www.innsidebraga.com\/wp-content\/uploads\/sites\/18\/2025\/12\/INNSIDE_Braga_Logo.png\",\"width\":244,\"height\":70,\"caption\":\"Innside Braga Centro\"},\"image\":{\"@id\":\"https:\/\/www.innsidebraga.com\/fr\/#\/schema\/logo\/image\/\"},\"sameAs\":[\"https:\/\/www.facebook.com\/innsidebraga\",\"https:\/\/www.linkedin.com\/company\/hoti-hoteis\/\",\"https:\/\/www.tripadvisor.pt\/Hotel_Review-g189171-d27790139-Reviews-Innside_By_Melia_Braga_Centro-Braga_Braga_District_Northern_Portugal.html\"]}]}<\/script>\n<!-- \/ Yoast SEO plugin. -->","yoast_head_json":{"title":"Braga - INNSiDE Braga","description":"INNSiDE Braga Centro est un h\u00f4tel 4 \u00e9toiles au c\u0153ur de Braga, alliant innovation et confort pour des exp\u00e9riences uniques.","robots":{"index":"index","follow":"follow","max-snippet":"max-snippet:-1","max-image-preview":"max-image-preview:large","max-video-preview":"max-video-preview:-1"},"canonical":"https:\/\/www.innsidebraga.com\/fr\/braga\/","og_locale":"fr_FR","og_type":"article","og_title":"Braga - INNSiDE Braga","og_description":"INNSiDE Braga Centro est un h\u00f4tel 4 \u00e9toiles au c\u0153ur de Braga, alliant innovation et confort pour des exp\u00e9riences uniques.","og_url":"https:\/\/www.innsidebraga.com\/fr\/braga\/","og_site_name":"INNSiDE Braga","article_publisher":"https:\/\/www.facebook.com\/innsidebraga","article_modified_time":"2024-11-18T15:30:29+00:00","og_image":[{"url":"https:\/\/www.innsidebraga.com\/wp-content\/uploads\/sites\/18\/2024\/04\/Melia_Braga_Igrejas_e_santuarios-1-150x150.jpg","type":"","width":"","height":""}],"twitter_card":"summary_large_image","twitter_misc":{"Dur\u00e9e de lecture estim\u00e9e":"10 minutes"},"schema":{"@context":"https:\/\/schema.org","@graph":[{"@type":"WebPage","@id":"https:\/\/www.innsidebraga.com\/fr\/braga\/","url":"https:\/\/www.innsidebraga.com\/fr\/braga\/","name":"Braga - INNSiDE Braga","isPartOf":{"@id":"https:\/\/www.innsidebraga.com\/fr\/#website"},"primaryImageOfPage":{"@id":"https:\/\/www.innsidebraga.com\/fr\/braga\/#primaryimage"},"image":{"@id":"https:\/\/www.innsidebraga.com\/fr\/braga\/#primaryimage"},"thumbnailUrl":"https:\/\/www.innsidebraga.com\/wp-content\/uploads\/sites\/18\/2024\/04\/Melia_Braga_Igrejas_e_santuarios-1-150x150.jpg","datePublished":"2023-12-19T12:17:38+00:00","dateModified":"2024-11-18T15:30:29+00:00","description":"INNSiDE Braga Centro est un h\u00f4tel 4 \u00e9toiles au c\u0153ur de Braga, alliant innovation et confort pour des exp\u00e9riences uniques.","breadcrumb":{"@id":"https:\/\/www.innsidebraga.com\/fr\/braga\/#breadcrumb"},"inLanguage":"fr-FR","potentialAction":[{"@type":"ReadAction","target":["https:\/\/www.innsidebraga.com\/fr\/braga\/"]}]},{"@type":"ImageObject","inLanguage":"fr-FR","@id":"https:\/\/www.innsidebraga.com\/fr\/braga\/#primaryimage","url":"https:\/\/www.innsidebraga.com\/wp-content\/uploads\/sites\/18\/2024\/04\/Melia_Braga_Igrejas_e_santuarios-1-150x150.jpg","contentUrl":"https:\/\/www.innsidebraga.com\/wp-content\/uploads\/sites\/18\/2024\/04\/Melia_Braga_Igrejas_e_santuarios-1-150x150.jpg"},{"@type":"BreadcrumbList","@id":"https:\/\/www.innsidebraga.com\/fr\/braga\/#breadcrumb","itemListElement":[{"@type":"ListItem","position":1,"name":"In\u00edcio","item":"https:\/\/www.innsidebraga.com\/fr\/"},{"@type":"ListItem","position":2,"name":"Braga"}]},{"@type":"WebSite","@id":"https:\/\/www.innsidebraga.com\/fr\/#website","url":"https:\/\/www.innsidebraga.com\/fr\/","name":"Innside Braga","description":"INNSiDE Braga Centro est le nouvel h\u00f4tel 4 \u00e9toiles situ\u00e9 dans le centre-ville de Braga. La combinaison parfaite entre innovation et confort pour des exp\u00e9riences inoubliables.","publisher":{"@id":"https:\/\/www.innsidebraga.com\/fr\/#organization"},"alternateName":"Innside By Meli\u00e1 Braga Centro","potentialAction":[{"@type":"SearchAction","target":{"@type":"EntryPoint","urlTemplate":"https:\/\/www.innsidebraga.com\/fr\/?s={search_term_string}"},"query-input":{"@type":"PropertyValueSpecification","valueRequired":true,"valueName":"search_term_string"}}],"inLanguage":"fr-FR"},{"@type":"Organization","@id":"https:\/\/www.innsidebraga.com\/fr\/#organization","name":"Innside Braga Centro","alternateName":"Innside Braga Centro","url":"https:\/\/www.innsidebraga.com\/fr\/","logo":{"@type":"ImageObject","inLanguage":"fr-FR","@id":"https:\/\/www.innsidebraga.com\/fr\/#\/schema\/logo\/image\/","url":"https:\/\/www.innsidebraga.com\/wp-content\/uploads\/sites\/18\/2025\/12\/INNSIDE_Braga_Logo.png","contentUrl":"https:\/\/www.innsidebraga.com\/wp-content\/uploads\/sites\/18\/2025\/12\/INNSIDE_Braga_Logo.png","width":244,"height":70,"caption":"Innside Braga Centro"},"image":{"@id":"https:\/\/www.innsidebraga.com\/fr\/#\/schema\/logo\/image\/"},"sameAs":["https:\/\/www.facebook.com\/innsidebraga","https:\/\/www.linkedin.com\/company\/hoti-hoteis\/","https:\/\/www.tripadvisor.pt\/Hotel_Review-g189171-d27790139-Reviews-Innside_By_Melia_Braga_Centro-Braga_Braga_District_Northern_Portugal.html"]}]}},"_links":{"self":[{"href":"https:\/\/www.innsidebraga.com\/fr\/wp-json\/wp\/v2\/pages\/8049","targetHints":{"allow":["GET"]}}],"collection":[{"href":"https:\/\/www.innsidebraga.com\/fr\/wp-json\/wp\/v2\/pages"}],"about":[{"href":"https:\/\/www.innsidebraga.com\/fr\/wp-json\/wp\/v2\/types\/page"}],"author":[{"embeddable":true,"href":"https:\/\/www.innsidebraga.com\/fr\/wp-json\/wp\/v2\/users\/1"}],"replies":[{"embeddable":true,"href":"https:\/\/www.innsidebraga.com\/fr\/wp-json\/wp\/v2\/comments?post=8049"}],"version-history":[{"count":10,"href":"https:\/\/www.innsidebraga.com\/fr\/wp-json\/wp\/v2\/pages\/8049\/revisions"}],"predecessor-version":[{"id":22785,"href":"https:\/\/www.innsidebraga.com\/fr\/wp-json\/wp\/v2\/pages\/8049\/revisions\/22785"}],"wp:attachment":[{"href":"https:\/\/www.innsidebraga.com\/fr\/wp-json\/wp\/v2\/media?parent=8049"}],"curies":[{"name":"wp","href":"https:\/\/api.w.org\/{rel}","templated":true}]}}